{"id":1766,"date":"2019-12-02T17:48:49","date_gmt":"2019-12-02T17:48:49","guid":{"rendered":"https:\/\/bookhut.pt\/?post_type=product&#038;p=1766"},"modified":"2022-02-16T12:36:40","modified_gmt":"2022-02-16T12:36:40","slug":"o-fado-de-dom-vicente-da-camara","status":"publish","type":"product","link":"https:\/\/bookhut.pt\/fr\/produto\/o-fado-de-dom-vicente-da-camara\/","title":{"rendered":"O Fado de Dom Vicente da C\u00e2mara"},"content":{"rendered":"<p>[vc_row][vc_column][vc_column_text]Uma obra sobre uma figura ir\u00f3nica da hist\u00f3ria do fado, Dom Vicente da C\u00e2mara, onde pode ficar a conhecer a fam\u00edlia, o seu fado, os poemas escritos para serem cantados fado, repert\u00f3rio, discografia, a sua passagem pelo cinema, as principais atua\u00e7\u00f5es, bem como os poetas compositores e m\u00fasicos de Vicente da C\u00e2mara.[\/vc_column_text][\/vc_column][\/vc_row]<\/p>\n","protected":false},"excerpt":{"rendered":"<p>Uma obra sobre uma figura ir\u00f3nica da hist\u00f3ria do fado, Dom Vicente da C\u00e2mara, onde pode ficar a conhecer a fam\u00edlia, o seu fado, os poemas escritos para serem cantados fado, repert\u00f3rio, discografia, a sua passagem pelo cinema, as principais atua\u00e7\u00f5es, bem como os poetas compositores e m\u00fasicos de Vicente da C\u00e2mara.<\/p>\n","protected":false},"featured_media":4923,"template":"","meta":[],"yoast_head":"<!-- This site is optimized with the Yoast SEO plugin v15.6 - https:\/\/yoast.com\/wordpress\/plugins\/seo\/ -->\n<title>O Fado de Dom Vicente da C\u00e2mara - Book Hut Editores<\/title>\n<meta name=\"robots\" content=\"index, follow, max-snippet:-1, max-image-preview:large, max-video-preview:-1\" \/>\n<link rel=\"canonical\" href=\"https:\/\/bookhut.pt\/fr\/produto\/o-fado-de-dom-vicente-da-camara\/\" \/>\n<meta property=\"og:locale\" content=\"fr_FR\" \/>\n<meta property=\"og:type\" content=\"article\" \/>\n<meta property=\"og:title\" content=\"O Fado de Dom Vicente da C\u00e2mara - Book Hut Editores\" \/>\n<meta property=\"og:description\" content=\"Uma obra sobre uma figura ir\u00f3nica da hist\u00f3ria do fado, Dom Vicente da C\u00e2mara, onde pode ficar a conhecer a fam\u00edlia, o seu fado, os poemas escritos para serem cantados fado, repert\u00f3rio, discografia, a sua passagem pelo cinema, as principais atua\u00e7\u00f5es, bem como os poetas compositores e m\u00fasicos de Vicente da C\u00e2mara.\" \/>\n<meta property=\"og:url\" content=\"https:\/\/bookhut.pt\/fr\/produto\/o-fado-de-dom-vicente-da-camara\/\" \/>\n<meta property=\"og:site_name\" content=\"Book Hut Editores\" \/>\n<meta property=\"article:publisher\" content=\"https:\/\/www.facebook.com\/thebookhuteditora\/\" \/>\n<meta property=\"article:modified_time\" content=\"2022-02-16T12:36:40+00:00\" \/>\n<meta property=\"og:image\" content=\"https:\/\/bookhut.pt\/wp-content\/uploads\/2019\/12\/CAPA_O-Fado-de-Vicente-da-Camara.jpg\" \/>\n\t<meta property=\"og:image:width\" content=\"563\" \/>\n\t<meta property=\"og:image:height\" content=\"794\" \/>\n<meta name=\"twitter:card\" content=\"summary_large_image\" \/>\n<meta name=\"twitter:site\" content=\"@bookhut_editora\" \/>\n<script type=\"application\/ld+json\" class=\"yoast-schema-graph\">{\"@context\":\"https:\/\/schema.org\",\"@graph\":[{\"@type\":\"WebSite\",\"@id\":\"https:\/\/bookhut.pt\/#website\",\"url\":\"https:\/\/bookhut.pt\/\",\"name\":\"Book Hut Editores\",\"description\":\"\",\"potentialAction\":[{\"@type\":\"SearchAction\",\"target\":\"https:\/\/bookhut.pt\/?s={search_term_string}\",\"query-input\":\"required name=search_term_string\"}],\"inLanguage\":\"fr-FR\"},{\"@type\":\"ImageObject\",\"@id\":\"https:\/\/bookhut.pt\/fr\/produto\/o-fado-de-dom-vicente-da-camara\/#primaryimage\",\"inLanguage\":\"fr-FR\",\"url\":\"https:\/\/bookhut.pt\/wp-content\/uploads\/2019\/12\/CAPA_O-Fado-de-Vicente-da-Camara.jpg\",\"width\":563,\"height\":794},{\"@type\":\"WebPage\",\"@id\":\"https:\/\/bookhut.pt\/fr\/produto\/o-fado-de-dom-vicente-da-camara\/#webpage\",\"url\":\"https:\/\/bookhut.pt\/fr\/produto\/o-fado-de-dom-vicente-da-camara\/\",\"name\":\"O Fado de Dom Vicente da C\\u00e2mara - Book Hut Editores\",\"isPartOf\":{\"@id\":\"https:\/\/bookhut.pt\/#website\"},\"primaryImageOfPage\":{\"@id\":\"https:\/\/bookhut.pt\/fr\/produto\/o-fado-de-dom-vicente-da-camara\/#primaryimage\"},\"datePublished\":\"2019-12-02T17:48:49+00:00\",\"dateModified\":\"2022-02-16T12:36:40+00:00\",\"inLanguage\":\"fr-FR\",\"potentialAction\":[{\"@type\":\"ReadAction\",\"target\":[\"https:\/\/bookhut.pt\/fr\/produto\/o-fado-de-dom-vicente-da-camara\/\"]}]}]}<\/script>\n<!-- \/ Yoast SEO plugin. -->","_links":{"self":[{"href":"https:\/\/bookhut.pt\/fr\/wp-json\/wp\/v2\/product\/1766"}],"collection":[{"href":"https:\/\/bookhut.pt\/fr\/wp-json\/wp\/v2\/product"}],"about":[{"href":"https:\/\/bookhut.pt\/fr\/wp-json\/wp\/v2\/types\/product"}],"wp:featuredmedia":[{"embeddable":true,"href":"https:\/\/bookhut.pt\/fr\/wp-json\/wp\/v2\/media\/4923"}],"wp:attachment":[{"href":"https:\/\/bookhut.pt\/fr\/wp-json\/wp\/v2\/media?parent=1766"}],"curies":[{"name":"wp","href":"https:\/\/api.w.org\/{rel}","templated":true}]}}