{"id":4644,"date":"2019-12-02T17:48:49","date_gmt":"2019-12-02T17:48:49","guid":{"rendered":"https:\/\/bookhut.pt\/produto\/el-fado-de-dom-vicente-da-camara\/"},"modified":"2021-01-08T09:46:19","modified_gmt":"2021-01-08T09:46:19","slug":"el-fado-de-dom-vicente-da-camara","status":"publish","type":"product","link":"https:\/\/bookhut.pt\/es\/produto\/el-fado-de-dom-vicente-da-camara\/","title":{"rendered":"El Fado de Dom Vicente da C\u00e2mara"},"content":{"rendered":"<p>[vc_row][vc_column][vc_column_text]Una obra sobre una figura ir\u00f3nica en la historia del fado, Dom Vicente da C\u00e2mara, donde puede conocer a la familia, su fado, los poemas escritos para cantar fado, repertorio, discograf\u00eda, su paso por el cine, las principales actuaciones, as\u00ed como los poetas-compositores y m\u00fasicos de Vicente da C\u00e2mara.[\/vc_column_text][\/vc_column][\/vc_row]<\/p>\n","protected":false},"excerpt":{"rendered":"<p>Una obra sobre una figura ir\u00f3nica en la historia del fado, Dom Vicente da C\u00e2mara, donde puede conocer a la familia, su fado, los poemas escritos para cantar fado, repertorio, discograf\u00eda, su paso por el cine, las principales actuaciones, as\u00ed como los poetas-compositores y m\u00fasicos de Vicente da C\u00e2mara.<\/p>\n","protected":false},"featured_media":4926,"template":"","meta":[],"yoast_head":"<!-- This site is optimized with the Yoast SEO plugin v15.6 - https:\/\/yoast.com\/wordpress\/plugins\/seo\/ -->\n<title>El Fado de Dom Vicente da C\u00e2mara - Book Hut Editores<\/title>\n<meta name=\"robots\" content=\"index, follow, max-snippet:-1, max-image-preview:large, max-video-preview:-1\" \/>\n<link rel=\"canonical\" href=\"https:\/\/bookhut.pt\/es\/produto\/el-fado-de-dom-vicente-da-camara\/\" \/>\n<meta property=\"og:locale\" content=\"es_ES\" \/>\n<meta property=\"og:type\" content=\"article\" \/>\n<meta property=\"og:title\" content=\"El Fado de Dom Vicente da C\u00e2mara - Book Hut Editores\" \/>\n<meta property=\"og:description\" content=\"Una obra sobre una figura ir\u00f3nica en la historia del fado, Dom Vicente da C\u00e2mara, donde puede conocer a la familia, su fado, los poemas escritos para cantar fado, repertorio, discograf\u00eda, su paso por el cine, las principales actuaciones, as\u00ed como los poetas-compositores y m\u00fasicos de Vicente da C\u00e2mara.\" \/>\n<meta property=\"og:url\" content=\"https:\/\/bookhut.pt\/es\/produto\/el-fado-de-dom-vicente-da-camara\/\" \/>\n<meta property=\"og:site_name\" content=\"Book Hut Editores\" \/>\n<meta property=\"article:publisher\" content=\"https:\/\/www.facebook.com\/thebookhuteditora\/\" \/>\n<meta property=\"article:modified_time\" content=\"2021-01-08T09:46:19+00:00\" \/>\n<meta property=\"og:image\" content=\"https:\/\/bookhut.pt\/wp-content\/uploads\/2019\/12\/CapaCarlosHargreaves-1-1.jpg\" \/>\n\t<meta property=\"og:image:width\" content=\"663\" \/>\n\t<meta property=\"og:image:height\" content=\"964\" \/>\n<meta name=\"twitter:card\" content=\"summary_large_image\" \/>\n<meta name=\"twitter:site\" content=\"@bookhut_editora\" \/>\n<script type=\"application\/ld+json\" class=\"yoast-schema-graph\">{\"@context\":\"https:\/\/schema.org\",\"@graph\":[{\"@type\":\"WebSite\",\"@id\":\"https:\/\/bookhut.pt\/#website\",\"url\":\"https:\/\/bookhut.pt\/\",\"name\":\"Book Hut Editores\",\"description\":\"\",\"potentialAction\":[{\"@type\":\"SearchAction\",\"target\":\"https:\/\/bookhut.pt\/?s={search_term_string}\",\"query-input\":\"required name=search_term_string\"}],\"inLanguage\":\"es\"},{\"@type\":\"ImageObject\",\"@id\":\"https:\/\/bookhut.pt\/es\/produto\/el-fado-de-dom-vicente-da-camara\/#primaryimage\",\"inLanguage\":\"es\",\"url\":\"https:\/\/bookhut.pt\/wp-content\/uploads\/2019\/12\/CAPA_O-Fado-de-Vicente-da-Camara.jpg\",\"width\":563,\"height\":794},{\"@type\":\"WebPage\",\"@id\":\"https:\/\/bookhut.pt\/es\/produto\/el-fado-de-dom-vicente-da-camara\/#webpage\",\"url\":\"https:\/\/bookhut.pt\/es\/produto\/el-fado-de-dom-vicente-da-camara\/\",\"name\":\"El Fado de Dom Vicente da C\\u00e2mara - Book Hut Editores\",\"isPartOf\":{\"@id\":\"https:\/\/bookhut.pt\/#website\"},\"primaryImageOfPage\":{\"@id\":\"https:\/\/bookhut.pt\/es\/produto\/el-fado-de-dom-vicente-da-camara\/#primaryimage\"},\"datePublished\":\"2019-12-02T17:48:49+00:00\",\"dateModified\":\"2021-01-08T09:46:19+00:00\",\"inLanguage\":\"es\",\"potentialAction\":[{\"@type\":\"ReadAction\",\"target\":[\"https:\/\/bookhut.pt\/es\/produto\/el-fado-de-dom-vicente-da-camara\/\"]}]}]}<\/script>\n<!-- \/ Yoast SEO plugin. -->","_links":{"self":[{"href":"https:\/\/bookhut.pt\/es\/wp-json\/wp\/v2\/product\/4644"}],"collection":[{"href":"https:\/\/bookhut.pt\/es\/wp-json\/wp\/v2\/product"}],"about":[{"href":"https:\/\/bookhut.pt\/es\/wp-json\/wp\/v2\/types\/product"}],"wp:featuredmedia":[{"embeddable":true,"href":"https:\/\/bookhut.pt\/es\/wp-json\/wp\/v2\/media\/4926"}],"wp:attachment":[{"href":"https:\/\/bookhut.pt\/es\/wp-json\/wp\/v2\/media?parent=4644"}],"curies":[{"name":"wp","href":"https:\/\/api.w.org\/{rel}","templated":true}]}}